{"id":19562,"date":"2025-08-25T10:21:00","date_gmt":"2025-08-25T14:21:00","guid":{"rendered":"https:\/\/www.expo-wppmtl.ca\/?post_type=project&#038;p=19562"},"modified":"2026-03-17T13:33:16","modified_gmt":"2026-03-17T17:33:16","slug":"a-strike-across-the-eyes","status":"publish","type":"project","link":"https:\/\/www.expo-wppmtl.ca\/en\/project\/a-strike-across-the-eyes\/","title":{"rendered":"A Strike Across the Eyes [2025]"},"content":{"rendered":"<div id=\"cmsmasters_row_fensc6ssii\" class=\"cmsmasters_row cmsmasters_color_scheme_default cmsmasters_row_top_default cmsmasters_row_bot_default cmsmasters_row_boxed\">\n<div class=\"cmsmasters_row_outer_parent\">\n<div class=\"cmsmasters_row_outer\">\n<div class=\"cmsmasters_row_inner\">\n<div class=\"cmsmasters_row_margin\">\n<div id=\"cmsmasters_column_honhouhx9s\" class=\"cmsmasters_column one_first\">\n<div class=\"cmsmasters_column_inner\"><div class=\"cmsmasters_text\">\n<p class=\"p1\">Large-format presentation of <i>\u00c7a gr\u00e8ve les yeux<\/i> (A Strike Across the Eyes) by Antoine Desilets, the first Quebec photographer to win World Press Photo recognition, in 1967.<\/p>\n<\/div>\n<\/div><\/div>\n<\/div>\n<\/div>\n<\/div>\n<\/div>\n<\/div>\n\n","protected":false},"excerpt":{"rendered":"<p>Large-format presentation of \u00c7a gr\u00e8ve les yeux (A Strike Across the Eyes) by Antoine Desilets, the first Quebec photographer to win World Press Photo recognition, in 1967.<\/p>\n","protected":false},"author":4,"featured_media":19555,"menu_order":0,"comment_status":"closed","ping_status":"closed","template":"","format":"standard","meta":{"footnotes":""},"pj-categs":[56],"pj-tags":[],"class_list":["post-19562","project","type-project","status-publish","format-standard","has-post-thumbnail","hentry","pj-categs-projet-2025"],"yoast_head":"<!-- This site is optimized with the Yoast SEO plugin v27.4 - https:\/\/yoast.com\/product\/yoast-seo-wordpress\/ -->\n<title>Expo World Press Photo Montr\u00e9al | A Strike Across the Eyes<\/title>\n<meta name=\"description\" content=\"Large-format presentation of \u00c7a gr\u00e8ve les yeux (A Strike Across the Eyes) by Antoine Desilets.\" \/>\n<meta name=\"robots\" content=\"noindex, follow\" \/>\n<meta property=\"og:locale\" content=\"en_US\" \/>\n<meta property=\"og:type\" content=\"article\" \/>\n<meta property=\"og:title\" content=\"Expo World Press Photo Montr\u00e9al | A Strike Across the Eyes\" \/>\n<meta property=\"og:description\" content=\"Large-format presentation of \u00c7a gr\u00e8ve les yeux (A Strike Across the Eyes) by Antoine Desilets.\" \/>\n<meta property=\"og:url\" content=\"https:\/\/www.expo-wppmtl.ca\/en\/project\/a-strike-across-the-eyes\/\" \/>\n<meta property=\"og:site_name\" content=\"World Press Photo Montr\u00e9al 2026\" \/>\n<meta property=\"article:modified_time\" content=\"2026-03-17T17:33:16+00:00\" \/>\n<meta property=\"og:image\" content=\"https:\/\/www.expo-wppmtl.ca\/wp-content\/uploads\/2025\/08\/Antoine-Desilets-Ca-greve-les-yeux.jpg\" \/>\n\t<meta property=\"og:image:width\" content=\"2048\" \/>\n\t<meta property=\"og:image:height\" content=\"1566\" \/>\n\t<meta property=\"og:image:type\" content=\"image\/jpeg\" \/>\n<meta name=\"twitter:card\" content=\"summary_large_image\" \/>\n<meta name=\"twitter:label1\" content=\"Est. reading time\" \/>\n\t<meta name=\"twitter:data1\" content=\"1 minute\" \/>\n<script type=\"application\/ld+json\" class=\"yoast-schema-graph\">{\"@context\":\"https:\\\/\\\/schema.org\",\"@graph\":[{\"@type\":\"WebPage\",\"@id\":\"https:\\\/\\\/www.expo-wppmtl.ca\\\/en\\\/project\\\/a-strike-across-the-eyes\\\/\",\"url\":\"https:\\\/\\\/www.expo-wppmtl.ca\\\/en\\\/project\\\/a-strike-across-the-eyes\\\/\",\"name\":\"Expo World Press Photo Montr\u00e9al | A Strike Across the Eyes\",\"isPartOf\":{\"@id\":\"https:\\\/\\\/www.expo-wppmtl.ca\\\/#website\"},\"primaryImageOfPage\":{\"@id\":\"https:\\\/\\\/www.expo-wppmtl.ca\\\/en\\\/project\\\/a-strike-across-the-eyes\\\/#primaryimage\"},\"image\":{\"@id\":\"https:\\\/\\\/www.expo-wppmtl.ca\\\/en\\\/project\\\/a-strike-across-the-eyes\\\/#primaryimage\"},\"thumbnailUrl\":\"https:\\\/\\\/www.expo-wppmtl.ca\\\/wp-content\\\/uploads\\\/2025\\\/08\\\/Antoine-Desilets-Ca-greve-les-yeux.jpg\",\"datePublished\":\"2025-08-25T14:21:00+00:00\",\"dateModified\":\"2026-03-17T17:33:16+00:00\",\"description\":\"Large-format presentation of \u00c7a gr\u00e8ve les yeux (A Strike Across the Eyes) by Antoine Desilets.\",\"breadcrumb\":{\"@id\":\"https:\\\/\\\/www.expo-wppmtl.ca\\\/en\\\/project\\\/a-strike-across-the-eyes\\\/#breadcrumb\"},\"inLanguage\":\"en-US\",\"potentialAction\":[{\"@type\":\"ReadAction\",\"target\":[\"https:\\\/\\\/www.expo-wppmtl.ca\\\/en\\\/project\\\/a-strike-across-the-eyes\\\/\"]}]},{\"@type\":\"ImageObject\",\"inLanguage\":\"en-US\",\"@id\":\"https:\\\/\\\/www.expo-wppmtl.ca\\\/en\\\/project\\\/a-strike-across-the-eyes\\\/#primaryimage\",\"url\":\"https:\\\/\\\/www.expo-wppmtl.ca\\\/wp-content\\\/uploads\\\/2025\\\/08\\\/Antoine-Desilets-Ca-greve-les-yeux.jpg\",\"contentUrl\":\"https:\\\/\\\/www.expo-wppmtl.ca\\\/wp-content\\\/uploads\\\/2025\\\/08\\\/Antoine-Desilets-Ca-greve-les-yeux.jpg\",\"width\":2048,\"height\":1566},{\"@type\":\"BreadcrumbList\",\"@id\":\"https:\\\/\\\/www.expo-wppmtl.ca\\\/en\\\/project\\\/a-strike-across-the-eyes\\\/#breadcrumb\",\"itemListElement\":[{\"@type\":\"ListItem\",\"position\":1,\"name\":\"Home\",\"item\":\"https:\\\/\\\/www.expo-wppmtl.ca\\\/en\\\/\"},{\"@type\":\"ListItem\",\"position\":2,\"name\":\"Projects\",\"item\":\"https:\\\/\\\/www.expo-wppmtl.ca\\\/project\\\/\"},{\"@type\":\"ListItem\",\"position\":3,\"name\":\"A Strike Across the Eyes [2025]\"}]},{\"@type\":\"WebSite\",\"@id\":\"https:\\\/\\\/www.expo-wppmtl.ca\\\/#website\",\"url\":\"https:\\\/\\\/www.expo-wppmtl.ca\\\/\",\"name\":\"World Press Photo Montr\u00e9al 2026\",\"description\":\"\",\"potentialAction\":[{\"@type\":\"SearchAction\",\"target\":{\"@type\":\"EntryPoint\",\"urlTemplate\":\"https:\\\/\\\/www.expo-wppmtl.ca\\\/?s={search_term_string}\"},\"query-input\":{\"@type\":\"PropertyValueSpecification\",\"valueRequired\":true,\"valueName\":\"search_term_string\"}}],\"inLanguage\":\"en-US\"}]}<\/script>\n<!-- \/ Yoast SEO plugin. -->","yoast_head_json":{"title":"Expo World Press Photo Montr\u00e9al | A Strike Across the Eyes","description":"Large-format presentation of \u00c7a gr\u00e8ve les yeux (A Strike Across the Eyes) by Antoine Desilets.","robots":{"index":"noindex","follow":"follow"},"og_locale":"en_US","og_type":"article","og_title":"Expo World Press Photo Montr\u00e9al | A Strike Across the Eyes","og_description":"Large-format presentation of \u00c7a gr\u00e8ve les yeux (A Strike Across the Eyes) by Antoine Desilets.","og_url":"https:\/\/www.expo-wppmtl.ca\/en\/project\/a-strike-across-the-eyes\/","og_site_name":"World Press Photo Montr\u00e9al 2026","article_modified_time":"2026-03-17T17:33:16+00:00","og_image":[{"width":2048,"height":1566,"url":"https:\/\/www.expo-wppmtl.ca\/wp-content\/uploads\/2025\/08\/Antoine-Desilets-Ca-greve-les-yeux.jpg","type":"image\/jpeg"}],"twitter_card":"summary_large_image","twitter_misc":{"Est. reading time":"1 minute"},"schema":{"@context":"https:\/\/schema.org","@graph":[{"@type":"WebPage","@id":"https:\/\/www.expo-wppmtl.ca\/en\/project\/a-strike-across-the-eyes\/","url":"https:\/\/www.expo-wppmtl.ca\/en\/project\/a-strike-across-the-eyes\/","name":"Expo World Press Photo Montr\u00e9al | A Strike Across the Eyes","isPartOf":{"@id":"https:\/\/www.expo-wppmtl.ca\/#website"},"primaryImageOfPage":{"@id":"https:\/\/www.expo-wppmtl.ca\/en\/project\/a-strike-across-the-eyes\/#primaryimage"},"image":{"@id":"https:\/\/www.expo-wppmtl.ca\/en\/project\/a-strike-across-the-eyes\/#primaryimage"},"thumbnailUrl":"https:\/\/www.expo-wppmtl.ca\/wp-content\/uploads\/2025\/08\/Antoine-Desilets-Ca-greve-les-yeux.jpg","datePublished":"2025-08-25T14:21:00+00:00","dateModified":"2026-03-17T17:33:16+00:00","description":"Large-format presentation of \u00c7a gr\u00e8ve les yeux (A Strike Across the Eyes) by Antoine Desilets.","breadcrumb":{"@id":"https:\/\/www.expo-wppmtl.ca\/en\/project\/a-strike-across-the-eyes\/#breadcrumb"},"inLanguage":"en-US","potentialAction":[{"@type":"ReadAction","target":["https:\/\/www.expo-wppmtl.ca\/en\/project\/a-strike-across-the-eyes\/"]}]},{"@type":"ImageObject","inLanguage":"en-US","@id":"https:\/\/www.expo-wppmtl.ca\/en\/project\/a-strike-across-the-eyes\/#primaryimage","url":"https:\/\/www.expo-wppmtl.ca\/wp-content\/uploads\/2025\/08\/Antoine-Desilets-Ca-greve-les-yeux.jpg","contentUrl":"https:\/\/www.expo-wppmtl.ca\/wp-content\/uploads\/2025\/08\/Antoine-Desilets-Ca-greve-les-yeux.jpg","width":2048,"height":1566},{"@type":"BreadcrumbList","@id":"https:\/\/www.expo-wppmtl.ca\/en\/project\/a-strike-across-the-eyes\/#breadcrumb","itemListElement":[{"@type":"ListItem","position":1,"name":"Home","item":"https:\/\/www.expo-wppmtl.ca\/en\/"},{"@type":"ListItem","position":2,"name":"Projects","item":"https:\/\/www.expo-wppmtl.ca\/project\/"},{"@type":"ListItem","position":3,"name":"A Strike Across the Eyes [2025]"}]},{"@type":"WebSite","@id":"https:\/\/www.expo-wppmtl.ca\/#website","url":"https:\/\/www.expo-wppmtl.ca\/","name":"World Press Photo Montr\u00e9al 2026","description":"","potentialAction":[{"@type":"SearchAction","target":{"@type":"EntryPoint","urlTemplate":"https:\/\/www.expo-wppmtl.ca\/?s={search_term_string}"},"query-input":{"@type":"PropertyValueSpecification","valueRequired":true,"valueName":"search_term_string"}}],"inLanguage":"en-US"}]}},"_links":{"self":[{"href":"https:\/\/www.expo-wppmtl.ca\/en\/wp-json\/wp\/v2\/project\/19562","targetHints":{"allow":["GET"]}}],"collection":[{"href":"https:\/\/www.expo-wppmtl.ca\/en\/wp-json\/wp\/v2\/project"}],"about":[{"href":"https:\/\/www.expo-wppmtl.ca\/en\/wp-json\/wp\/v2\/types\/project"}],"author":[{"embeddable":true,"href":"https:\/\/www.expo-wppmtl.ca\/en\/wp-json\/wp\/v2\/users\/4"}],"replies":[{"embeddable":true,"href":"https:\/\/www.expo-wppmtl.ca\/en\/wp-json\/wp\/v2\/comments?post=19562"}],"version-history":[{"count":2,"href":"https:\/\/www.expo-wppmtl.ca\/en\/wp-json\/wp\/v2\/project\/19562\/revisions"}],"predecessor-version":[{"id":19967,"href":"https:\/\/www.expo-wppmtl.ca\/en\/wp-json\/wp\/v2\/project\/19562\/revisions\/19967"}],"wp:featuredmedia":[{"embeddable":true,"href":"https:\/\/www.expo-wppmtl.ca\/en\/wp-json\/wp\/v2\/media\/19555"}],"wp:attachment":[{"href":"https:\/\/www.expo-wppmtl.ca\/en\/wp-json\/wp\/v2\/media?parent=19562"}],"wp:term":[{"taxonomy":"pj-categs","embeddable":true,"href":"https:\/\/www.expo-wppmtl.ca\/en\/wp-json\/wp\/v2\/pj-categs?post=19562"},{"taxonomy":"pj-tags","embeddable":true,"href":"https:\/\/www.expo-wppmtl.ca\/en\/wp-json\/wp\/v2\/pj-tags?post=19562"}],"curies":[{"name":"wp","href":"https:\/\/api.w.org\/{rel}","templated":true}]}}